{"id":1251,"date":"2022-02-07T10:58:35","date_gmt":"2022-02-07T10:58:35","guid":{"rendered":"https:\/\/autelec.es\/politique-de-confidentialite\/"},"modified":"2024-11-27T09:04:12","modified_gmt":"2024-11-27T09:04:12","slug":"politique-de-confidentialite","status":"publish","type":"page","link":"https:\/\/autelec.es\/fr\/politique-de-confidentialite\/","title":{"rendered":"Politique de confidentialit\u00e9"},"content":{"rendered":"[vc_row type=\u00a0\u00bbin_container\u00a0\u00bb full_screen_row_position=\u00a0\u00bbmiddle\u00a0\u00bb column_margin=\u00a0\u00bbdefault\u00a0\u00bb column_direction=\u00a0\u00bbdefault\u00a0\u00bb column_direction_tablet=\u00a0\u00bbdefault\u00a0\u00bb column_direction_phone=\u00a0\u00bbdefault\u00a0\u00bb scene_position=\u00a0\u00bbcenter\u00a0\u00bb top_padding=\u00a0\u00bb2%\u00a0\u00bb bottom_padding=\u00a0\u00bb4%\u00a0\u00bb text_color=\u00a0\u00bbdark\u00a0\u00bb text_align=\u00a0\u00bbleft\u00a0\u00bb row_border_radius=\u00a0\u00bbnone\u00a0\u00bb row_border_radius_applies=\u00a0\u00bbbg\u00a0\u00bb overflow=\u00a0\u00bbvisible\u00a0\u00bb advanced_gradient_angle=\u00a0\u00bb0&Prime; overlay_strength=\u00a0\u00bb0.3&Prime; gradient_direction=\u00a0\u00bbleft_to_right\u00a0\u00bb shape_divider_position=\u00a0\u00bbbottom\u00a0\u00bb bg_image_animation=\u00a0\u00bbnone\u00a0\u00bb gradient_type=\u00a0\u00bbdefault\u00a0\u00bb shape_type=\u00a0\u00bb\u00a0\u00bb][vc_column column_padding=\u00a0\u00bbno-extra-padding\u00a0\u00bb column_padding_tablet=\u00a0\u00bbinherit\u00a0\u00bb column_padding_phone=\u00a0\u00bbinherit\u00a0\u00bb column_padding_position=\u00a0\u00bball\u00a0\u00bb column_element_direction_desktop=\u00a0\u00bbdefault\u00a0\u00bb column_element_spacing=\u00a0\u00bbdefault\u00a0\u00bb desktop_text_alignment=\u00a0\u00bbdefault\u00a0\u00bb tablet_text_alignment=\u00a0\u00bbdefault\u00a0\u00bb phone_text_alignment=\u00a0\u00bbdefault\u00a0\u00bb background_color_opacity=\u00a0\u00bb1&Prime; background_hover_color_opacity=\u00a0\u00bb1&Prime; column_backdrop_filter=\u00a0\u00bbnone\u00a0\u00bb column_shadow=\u00a0\u00bbnone\u00a0\u00bb column_border_radius=\u00a0\u00bbnone\u00a0\u00bb column_link_target=\u00a0\u00bb_self\u00a0\u00bb column_position=\u00a0\u00bbdefault\u00a0\u00bb gradient_direction=\u00a0\u00bbleft_to_right\u00a0\u00bb overlay_strength=\u00a0\u00bb0.3&Prime; width=\u00a0\u00bb1\/1&Prime; tablet_width_inherit=\u00a0\u00bbdefault\u00a0\u00bb animation_type=\u00a0\u00bbdefault\u00a0\u00bb bg_image_animation=\u00a0\u00bbnone\u00a0\u00bb border_type=\u00a0\u00bbsimple\u00a0\u00bb column_border_width=\u00a0\u00bbnone\u00a0\u00bb column_border_style=\u00a0\u00bbsolid\u00a0\u00bb][vc_column_text css=\u00a0\u00bb\u00a0\u00bb text_direction=\u00a0\u00bbdefault\u00a0\u00bb]\n<h2>Politique de confidentialit\u00e9<\/h2>\n<p>&nbsp;<\/p>\n<div class=\"wpb_text_column wpb_content_element \">\n<div class=\"wpb_wrapper\">\n<p class=\"p1\">\u00ab AUTELEC \u00bb est profond\u00e9ment attach\u00e9 au respect des r\u00e9glementations espagnoles et europ\u00e9ennes sur la protection des donn\u00e9es personnelles, et garantit le plein respect des obligations \u00e9nonc\u00e9es, ainsi que la mise en \u0153uvre des mesures de s\u00e9curit\u00e9 pr\u00e9vues dans le r\u00e8glement g\u00e9n\u00e9ral sur la protection des donn\u00e9es (RGPD) (UE) 2016\/679, du 27 avril, et dans la loi organique 3\/2018, du 5 d\u00e9cembre, sur la protection des donn\u00e9es personnelles et la garantie des droits num\u00e9riques (LOPD et GDD, ci-apr\u00e8s LOPD) .<\/p>\n<p class=\"p1\">Conform\u00e9ment \u00e0 ces r\u00e9glementations, nous vous informons que l&rsquo;utilisation de notre site web peut n\u00e9cessiter la fourniture de certaines donn\u00e9es personnelles par le biais de formulaires d&rsquo;inscription ou de contact, ou par l&rsquo;envoi d&rsquo;e-mails, et que celles-ci feront l&rsquo;objet d&rsquo;un traitement par \u00ab AUTELEC \u00bb, Responsable du traitement, dont les donn\u00e9es sont :<\/p>\n<ul class=\"ul1\">\n<li class=\"li4\"><b>Nom de l&rsquo;entreprise<\/b> : AUTELEC TECNOLOGIA SL<\/li>\n<li class=\"li4\"><b>CAF<\/b> : B98530058<\/li>\n<li class=\"li4\"><b>Adresse enregistr\u00e9e<\/b> : \u00a0C\/Praga 4 pol. Industrial mas de tous 46185, La Pobla de Vallbona, (Valencia), Espagne<\/li>\n<li class=\"li4\"><b>T\u00e9l\u00e9phone<\/b> : + 34 963 75 14 71<\/li>\n<li class=\"li4\"><b>Courriel<\/b> : comercial@autelec.es<\/li>\n<\/ul>\n<p class=\"p4\"><b><i>Collecte et traitement des donn\u00e9es personnelles<\/i><\/b><\/p>\n<p class=\"p5\">Une donn\u00e9e personnelle est toute information relative \u00e0 une personne : nom, e-mail, adresse, t\u00e9l\u00e9phone, NIF\/NIE\u2026 De plus, lorsqu&rsquo;un utilisateur visite notre site Web, certaines informations sont automatiquement stock\u00e9es pour des raisons techniques, telles que comme l&rsquo;adresse IP attribu\u00e9e par votre fournisseur d&rsquo;acc\u00e8s Internet.<\/p>\n<p class=\"p5\">\u00ab AUTELEC \u00bb, en tant que responsable du traitement, a le devoir d&rsquo;informer les utilisateurs de son site Web de la collecte de donn\u00e9es personnelles qui peut \u00eatre effectu\u00e9e, soit en envoyant un courrier \u00e9lectronique, soit en remplissant les formulaires inclus sur le site Web.<\/p>\n<p class=\"p5\">Seules les donn\u00e9es pr\u00e9cises seront obtenues pour pouvoir ex\u00e9cuter le service contract\u00e9, ou pour pouvoir r\u00e9pondre de mani\u00e8re ad\u00e9quate \u00e0 la demande d&rsquo;informations faite par l&rsquo;Utilisateur. Les donn\u00e9es collect\u00e9es sont identifiantes et correspondent \u00e0 un minimum raisonnable pour pouvoir mener \u00e0 bien l&rsquo;activit\u00e9 exerc\u00e9e.<b> <\/b>En particulier, les donn\u00e9es sp\u00e9cialement prot\u00e9g\u00e9es ne sont \u00e0 aucun moment collect\u00e9es.<b> <\/b>Dans aucun cas Les donn\u00e9es seront utilis\u00e9es diff\u00e9remment de l&rsquo;objectif pour lequel elles ont \u00e9t\u00e9 collect\u00e9es.<\/p>\n<p class=\"p5\"><span class=\"s6\">Formulaires de contact\/e-mail<\/span><\/p>\n<p class=\"p5\"><i>Objectif<\/i> : R\u00e9pondre \u00e0 votre demande d&rsquo;informations effectu\u00e9e via notre ou nos formulaires de contact.<\/p>\n<p class=\"p5\"><i>L\u00e9gitimation<\/i> : la base juridique qui l\u00e9gitime ce traitement est le consentement de l&rsquo;Utilisateur, qui peut \u00eatre r\u00e9voqu\u00e9 \u00e0 tout moment.<\/p>\n<p class=\"p5\"><i>Transfert de donn\u00e9es<\/i> : les donn\u00e9es personnelles seront trait\u00e9es via des serveurs g\u00e9r\u00e9s par <span class=\"s4\">Arsys<\/span>, qui sera consid\u00e9r\u00e9 comme le responsable du traitement. .<\/p>\n<p class=\"p5\"><span class=\"s6\">Formulaires d&#8217;emploi<\/span><\/p>\n<p class=\"p5\"><i>Objectif<\/i> : Acc\u00e9der aux processus de s\u00e9lection du personnel de la personne responsable.<\/p>\n<p class=\"p5\"><i>L\u00e9gitimation<\/i> : la base juridique qui l\u00e9gitime ce traitement est le consentement de l&rsquo;Utilisateur, qui peut \u00eatre r\u00e9voqu\u00e9 \u00e0 tout moment.<\/p>\n<p class=\"p5\"><i>Transfert de donn\u00e9es<\/i> : les donn\u00e9es personnelles seront trait\u00e9es via des serveurs g\u00e9r\u00e9s par <a href=\"https:\/\/www.arsys.es\/\"><span class=\"s7 \">Arsys<\/span><\/a>, qui sera consid\u00e9r\u00e9 comme le sous-traitant.<\/p>\n<p class=\"p5\"><span class=\"s6\">Formulaires de recrutement<\/span><\/p>\n<p class=\"p5\"><i>Objectifs<\/i> :<\/p>\n<p class=\"p5\">Seules les donn\u00e9es pr\u00e9cises seront obtenues pour pouvoir ex\u00e9cuter le service contract\u00e9, ou pour pouvoir r\u00e9pondre de mani\u00e8re ad\u00e9quate \u00e0 la demande d&rsquo;informations faite par l&rsquo;Utilisateur. Les donn\u00e9es collect\u00e9es sont identifiantes et correspondent \u00e0 un minimum raisonnable pour pouvoir mener \u00e0 bien l&rsquo;activit\u00e9 exerc\u00e9e.<b> <\/b>En particulier, les donn\u00e9es sp\u00e9cialement prot\u00e9g\u00e9es ne sont \u00e0 aucun moment collect\u00e9es.<b> <\/b>Dans aucun cas Les donn\u00e9es seront utilis\u00e9es diff\u00e9remment de l&rsquo;objectif pour lequel elles ont \u00e9t\u00e9 collect\u00e9es.<\/p>\n<p class=\"p5\"><span class=\"s6\">Formulaires de contact\/e-mail<\/span><\/p>\n<p class=\"p5\"><i>Objectif<\/i> : R\u00e9pondre \u00e0 votre demande d&rsquo;informations effectu\u00e9e via notre ou nos formulaires de contact.<\/p>\n<p class=\"p5\"><i>L\u00e9gitimation<\/i> : la base juridique qui l\u00e9gitime ce traitement est le consentement de l&rsquo;Utilisateur, qui peut \u00eatre r\u00e9voqu\u00e9 \u00e0 tout moment.<\/p>\n<p class=\"p5\"><i>Transfert de donn\u00e9es<\/i> : les donn\u00e9es personnelles seront trait\u00e9es via des serveurs g\u00e9r\u00e9s par <span class=\"s4\">Arsys<\/span>, qui sera consid\u00e9r\u00e9 comme le responsable du traitement. .<\/p>\n<p class=\"p5\"><span class=\"s6\">Formulaires d&#8217;emploi<\/span><\/p>\n<p class=\"p5\"><i>Objectif<\/i> : Acc\u00e9der aux processus de s\u00e9lection du personnel de la personne responsable.<\/p>\n<p class=\"p5\"><i>L\u00e9gitimation<\/i> : la base juridique qui l\u00e9gitime ce traitement est le consentement de l&rsquo;Utilisateur, qui peut \u00eatre r\u00e9voqu\u00e9 \u00e0 tout moment.<\/p>\n<p class=\"p5\"><i>Transfert de donn\u00e9es<\/i> : les donn\u00e9es personnelles seront trait\u00e9es via des serveurs g\u00e9r\u00e9s par <a href=\"https:\/\/www.arsys.es\/\"><span class=\"s7 \">Arsys<\/span><\/a>, qui sera consid\u00e9r\u00e9 comme le sous-traitant.<\/p>\n<p class=\"p5\"><span class=\"s6\">Formulaires de recrutement<\/span><\/p>\n<p class=\"p5\"><i>Objectifs<\/i> :<\/p>\n<p class=\"p5\"><span class=\"s6\">Formulaire de commentaire<\/span><\/p>\n<p class=\"p5\"><i>Objectif<\/i> : faire un commentaire ou une critique pour publication sur la page Web.<\/p>\n<p class=\"p5\"><i>L\u00e9gitimation<\/i> : la base juridique qui l\u00e9gitime ce traitement est le consentement de l&rsquo;Utilisateur, qui peut \u00eatre r\u00e9voqu\u00e9 \u00e0 tout moment.<\/p>\n<p class=\"p6\"><i>Transfert de donn\u00e9es<\/i> : les donn\u00e9es personnelles seront trait\u00e9es via les serveurs de ce site Web, g\u00e9r\u00e9s par <a href=\"https:\/\/www.arsys.es\/ \">&lt; span class=\u00a0\u00bbs7&Prime;&gt;Arsys<\/a>, qui sera consid\u00e9r\u00e9 comme le sous-traitant.<\/p>\n<p class=\"p4\"><b><i>Mineurs<\/i><\/b><\/p>\n<p class=\"p6\">Seules les personnes \u00e2g\u00e9es de plus de 14 ans peuvent fournir des donn\u00e9es personnelles sur ce site Web. Comme l&rsquo;exigent la LOPD et la GDD, dans le cas d&rsquo;enfants de moins de 14 ans, le consentement de leurs parents ou tuteurs sera une condition obligatoire pour que nous puissions traiter leurs donn\u00e9es personnelles.<\/p>\n<p class=\"p6\">D&rsquo;autre part, seules les personnes de plus de 18 ans peuvent contracter nos services. Dans le cas de mineurs de moins de 18 ans, le consentement de leurs parents ou tuteurs l\u00e9gaux sera une condition obligatoire pour que nous puissions fournir les services propos\u00e9s, sauf si le mineur est \u00e9mancip\u00e9.<\/p>\n<p class=\"p4\"><b><i>Mesures de s\u00e9curit\u00e9<\/i><\/b><\/p>\n<p class=\"p5\">Les utilisateurs du site \u00ab AUTELEC \u00bb sont inform\u00e9s que les mesures de s\u00e9curit\u00e9, techniques et organisationnelles dont nous disposons ont \u00e9t\u00e9 adopt\u00e9es pour pr\u00e9venir la perte, l&rsquo;utilisation abusive, l&rsquo;alt\u00e9ration, l&rsquo;acc\u00e8s non autoris\u00e9 et le vol de donn\u00e9es, et ainsi garantir la la confidentialit\u00e9, l&rsquo;int\u00e9grit\u00e9 et la qualit\u00e9 des informations qui y sont contenues, conform\u00e9ment aux dispositions de la r\u00e9glementation en vigueur sur la protection des donn\u00e9es. Les donn\u00e9es personnelles qui sont collect\u00e9es dans les formulaires font l&rsquo;objet d&rsquo;un traitement, uniquement, par le personnel de \u00ab\u00a0AUTELEC\u00a0\u00bb ou les Responsables de Traitement D\u00e9sign\u00e9s.<\/p>\n<p class=\"p6\">Le Site \u00ab AUTELEC \u00bb dispose \u00e9galement d&rsquo;un cryptage SSL, qui permet \u00e0 l&rsquo;Utilisateur de transmettre en toute s\u00e9curit\u00e9 ses donn\u00e9es personnelles via les formulaires de contact ou d&rsquo;inscription du site.<\/p>\n<p class=\"p4\"><b><i>Exactitude des donn\u00e9es<\/i><\/b><\/p>\n<p class=\"p6\">L&rsquo;Utilisateur d\u00e9clare que toutes les informations fournies par lui sont vraies et correctes et s&rsquo;engage \u00e0 les tenir \u00e0 jour. L&rsquo;utilisateur sera responsable de la v\u00e9racit\u00e9 de ses donn\u00e9es et sera seul responsable de tout conflit ou litige pouvant r\u00e9sulter de la fausset\u00e9 de celles-ci. Il est important que, pour que nous puissions maintenir \u00e0 jour les donn\u00e9es personnelles, l&rsquo;Utilisateur informe \u00ab\u00a0AUTELEC\u00a0\u00bb chaque fois qu&rsquo;il y a eu un changement dans celles-ci.<\/p>\n<p class=\"p4\"><b><i>Transfert de donn\u00e9es<\/i><\/b><\/p>\n<p class=\"p5\">\u00ab AUTELEC \u00bb ne transf\u00e9rera ni ne communiquera vos donn\u00e9es \u00e0 aucun tiers, sauf dans les cas pr\u00e9vus par la loi ou lorsque la fourniture d&rsquo;un service implique la n\u00e9cessit\u00e9 d&rsquo;une relation contractuelle avec un Responsable de traitement. Ainsi, l&rsquo;utilisateur accepte que certaines des donn\u00e9es personnelles collect\u00e9es soient fournies \u00e0 ces responsables de traitement (plateformes de paiement, agence, interm\u00e9diaires, etc.), lorsque cela est n\u00e9cessaire \u00e0 l&rsquo;ex\u00e9cution efficace d&rsquo;un service contract\u00e9 ou d&rsquo;un produit achet\u00e9. L&rsquo;Utilisateur accepte \u00e9galement qu&rsquo;en cas de prestation de services, ceux-ci puissent \u00eatre, totalement ou partiellement, sous-trait\u00e9s \u00e0 d&rsquo;autres personnes ou soci\u00e9t\u00e9s, qui seront consid\u00e9r\u00e9es comme Responsables de traitement, avec lesquelles l&rsquo;accord de confidentialit\u00e9 correspondant a \u00e9t\u00e9 convenu, ou adh\u00e9rant \u00e0 leur politiques de confidentialit\u00e9, \u00e9tablies sur leurs pages Web respectives. L&rsquo;Utilisateur peut refuser de transf\u00e9rer ses donn\u00e9es aux Responsables de traitement, sur demande \u00e9crite, par l&rsquo;un des moyens susmentionn\u00e9s.<\/p>\n<p class=\"p6\">En outre, dans les cas o\u00f9 cela est n\u00e9cessaire, les donn\u00e9es du Client peuvent \u00eatre transf\u00e9r\u00e9es \u00e0 certains organismes, conform\u00e9ment \u00e0 une obligation l\u00e9gale : Agence fiscale espagnole, entit\u00e9s bancaires, Inspection du travail, etc.<\/p>\n<p class=\"p4\"><b><i>Exercice des droits de l&rsquo;utilisateur<\/i><\/b><\/p>\n<p class=\"p5\">La LOPD et la GDD et la RGPD accordent aux parties int\u00e9ress\u00e9es la possibilit\u00e9 d&rsquo;exercer une s\u00e9rie de droits li\u00e9s au traitement de leurs donn\u00e9es personnelles. Pour ce faire, l&rsquo;Utilisateur doit se rendre, en fournissant une documentation prouvant son identit\u00e9 (DNI ou passeport), par e-mail \u00e0 comercial<span class=\"s8\">@autelec.es, ou par <\/span>communication \u00e9crite \u00e0 l&rsquo;adresse qui appara\u00eet dans nos mentions l\u00e9gales. Cette communication doit contenir les informations suivantes : nom et pr\u00e9nom de l&rsquo;Utilisateur, l&rsquo;objet de la demande, l&rsquo;adresse et les donn\u00e9es justificatives.<\/p>\n<p class=\"p5\">L&rsquo;exercice des droits doit \u00eatre effectu\u00e9 par l&rsquo;Utilisateur lui-m\u00eame. Cependant, ils peuvent \u00eatre ex\u00e9cut\u00e9s par une personne autoris\u00e9e en tant que repr\u00e9sentant l\u00e9gal de l&rsquo;Utilisateur, en fournissant la documentation prouvant ladite repr\u00e9sentation.<\/p>\n<p class=\"p5\">L&rsquo;Utilisateur peut demander l&rsquo;exercice des droits suivants :<\/p>\n<ul class=\"ul1\">\n<li style=\"list-style-type: none;\">\n<ul class=\"ul1\">\n<li style=\"list-style-type: none;\">\n<ul class=\"ul1\">\n<li style=\"list-style-type: none;\">\n<ul class=\"ul1\">\n<li class=\"li5\">Droit de demander <b>l&rsquo;acc\u00e8s<\/b> aux donn\u00e9es personnelles, qui est le droit d&rsquo;obtenir des informations sur le traitement de vos propres donn\u00e9es personnelles, le but du traitement qui, le cas \u00e9ch\u00e9ant, est en cours d&rsquo;ex\u00e9cution, ainsi que les informations disponibles sur l&rsquo;origine desdites donn\u00e9es et les communications faites ou pr\u00e9vues de celles-ci.<\/li>\n<li class=\"li5\">Droit de demander sa <b>rectification<\/b>, si les donn\u00e9es personnelles sont incorrectes ou inexactes, ou la <b>suppression<\/b> des donn\u00e9es qui s&rsquo;av\u00e8rent inappropri\u00e9es ou excessif.<\/li>\n<li class=\"li5\">Droit de demander la <b>limitation<\/b> de votre traitement, auquel cas seules les donn\u00e9es strictement n\u00e9cessaires \u00e0 l&rsquo;exercice ou \u00e0 la d\u00e9fense des r\u00e9clamations seront conserv\u00e9es par \u00ab\u00a0AUTELEC\u00a0\u00bb.&lt;\/li &gt;<\/li>\n<li class=\"li5\">Droit de <b>s&rsquo;opposer<\/b> au traitement : d\u00e9signe le droit de l&rsquo;int\u00e9ress\u00e9 de ne pas effectuer le traitement de ses donn\u00e9es personnelles ou de le cesser dans les cas o\u00f9 son le consentement n&rsquo;est pas n\u00e9cessaire au traitement, qu&rsquo;il s&rsquo;agit de fichiers de prospection commerciale ou qu&rsquo;ils ont pour finalit\u00e9 l&rsquo;adoption de d\u00e9cisions se r\u00e9f\u00e9rant \u00e0 l&rsquo;int\u00e9ress\u00e9 et fond\u00e9es uniquement sur le traitement automatis\u00e9 de ses donn\u00e9es, sauf pour des motifs l\u00e9gitimes ou l&rsquo;exercice ou la d\u00e9fense d&rsquo;\u00e9ventuelles les r\u00e9clamations doivent continuer \u00e0 \u00eatre trait\u00e9es.<\/li>\n<li class=\"li5\">Droit \u00e0 la <b>portabilit\u00e9<\/b> des donn\u00e9es : dans le cas o\u00f9 vous souhaitez que vos donn\u00e9es soient trait\u00e9es par une autre soci\u00e9t\u00e9, \u00ab\u00a0AUTELEC\u00a0\u00bb facilitera la portabilit\u00e9 de vos donn\u00e9es dans un format exportable.&lt;\/ li&gt;<\/li>\n<\/ul>\n<\/li>\n<\/ul>\n<\/li>\n<\/ul>\n<\/li>\n<\/ul>\n<p class=\"p5\">Dans le cas o\u00f9 le consentement a \u00e9t\u00e9 accord\u00e9 dans un but pr\u00e9cis, <b>l&rsquo;Utilisateur a le droit de retirer son consentement \u00e0 tout moment<\/b>, sans affecter la l\u00e9galit\u00e9 du traitement fond\u00e9 sur le consentement avant son retrait.<\/p>\n<p class=\"p5\">Nous nous engageons \u00e0 ex\u00e9cuter tous ces droits dans le d\u00e9lai l\u00e9gal maximum (1 mois).<\/p>\n<p class=\"p6\">Si un Utilisateur consid\u00e8re qu&rsquo;il y a un probl\u00e8me avec la mani\u00e8re dont \u00ab\u00a0AUTELEC\u00a0\u00bb traite ses donn\u00e9es, il peut adresser ses r\u00e9clamations au Responsable de la s\u00e9curit\u00e9 ou \u00e0 l&rsquo;autorit\u00e9 de protection des donn\u00e9es correspondante, \u00e0 savoir l&rsquo;Agence Autorit\u00e9 espagnole de protection des donn\u00e9es indiqu\u00e9e dans le cas de l&rsquo;Espagne.<\/p>\n<p class=\"p4\"><b><i>Conservation des donn\u00e9es<\/i><\/b><\/p>\n<p class=\"p5\">Les donn\u00e9es personnelles des Utilisateurs qui utilisent le formulaire de contact ou qui nous envoient un e-mail demandant des informations seront trait\u00e9es pendant le temps strictement n\u00e9cessaire pour r\u00e9pondre \u00e0 la demande d&rsquo;informations, ou jusqu&rsquo;\u00e0 sa r\u00e9vocation. consentement accord\u00e9.<\/p>\n<p class=\"p5\">Les donn\u00e9es personnelles du Client seront trait\u00e9es jusqu&rsquo;\u00e0 la fin de la relation contractuelle. La dur\u00e9e de conservation des donn\u00e9es personnelles sera le minimum n\u00e9cessaire, et pourra \u00eatre conserv\u00e9e jusqu&rsquo;\u00e0 :<\/p>\n<ul class=\"ul1\">\n<li style=\"list-style-type: none;\">\n<ul class=\"ul1\">\n<li style=\"list-style-type: none;\">\n<ul class=\"ul1\">\n<li style=\"list-style-type: none;\">\n<ul class=\"ul1\">\n<li class=\"li5\">4 ans : Loi sur les Infractions et Sanctions \u00e0 l&rsquo;Ordre Social (obligations en mati\u00e8re d&rsquo;affiliation, inscriptions, radiations, cotisations, paiement des salaires&#8230;) ; Arts. 66 ans et suivants Droit fiscal g\u00e9n\u00e9ral (livres comptables&#8230;)<\/li>\n<li class=\"li5\">5 ans : Art. 1964 Code civil (actions personnelles sans dur\u00e9e sp\u00e9ciale)<\/li>\n<li class=\"li5\">6 ans : Art. 30 Code de commerce (livres comptables, factures\u2026)<\/li>\n<li class=\"li5\">10 ans : article 25 de la loi sur la pr\u00e9vention du blanchiment d&rsquo;argent et du financement du terrorisme.<\/li>\n<li class=\"li5\">Aucun d\u00e9lai : donn\u00e9es d\u00e9sagr\u00e9g\u00e9es et anonymis\u00e9es.<\/li>\n<\/ul>\n<\/li>\n<\/ul>\n<\/li>\n<\/ul>\n<\/li>\n<\/ul>\n<p class=\"p6\">Dans le cas d&rsquo;un traitement informatique des candidats (CV), \u00ab\u00a0AUTELEC\u00a0\u00bb pourra conserver son CV pendant une dur\u00e9e maximale de deux ans pour l&rsquo;inclure dans les prochains appels, sauf indication contraire du candidat. &lt;\/p &gt;<\/p>\n<p class=\"p4\"><b><i>S\u00e9lection du personnel<\/i><\/b><\/p>\n<p class=\"p6\">Le candidat qui envoie des communications \u00e9lectroniques \u00e0 \u00ab\u00a0AUTELEC\u00a0\u00bb, afin d&rsquo;acc\u00e9der aux processus de s\u00e9lection du personnel du responsable, nous autorise \u00e0 analyser les documents envoy\u00e9s (par exemple, le CV), tous les les contenus directement accessibles via les moteurs de recherche Internet (par exemple, Google), les profils que vous maintenez dans les r\u00e9seaux sociaux professionnels (par exemple, LinkedIn), les donn\u00e9es obtenues lors des tests d&rsquo;acc\u00e8s et les informations que vous r\u00e9v\u00e9lez lors de l&rsquo;entretien d&#8217;embauche, dans le but d&rsquo;\u00e9valuer votre candidature et de pouvoir, le cas \u00e9ch\u00e9ant, vous proposer un emploi. Dans le cas o\u00f9 le candidat n&rsquo;est pas retenu, \u00ab AUTELEC \u00bb pourra conserver son C.V. pour une dur\u00e9e maximale de deux ans, pour l&rsquo;int\u00e9grer dans les prochains appels, sauf indication contraire du candidat. La base juridique qui l\u00e9gitime ce traitement sera le consentement de l&rsquo;int\u00e9ress\u00e9, qui pourra \u00eatre r\u00e9voqu\u00e9 \u00e0 tout moment.<\/p>\n<p class=\"p4\"><b><i>Confidentialit\u00e9<\/i><\/b><\/p>\n<p class=\"p6\">Les informations fournies par l&rsquo;Utilisateur seront, en tout \u00e9tat de cause, consid\u00e9r\u00e9es comme confidentielles et ne pourront \u00eatre utilis\u00e9es \u00e0 d&rsquo;autres fins que celles d\u00e9crites ici. \u00ab\u00a0AUTELEC\u00a0\u00bb s&rsquo;engage \u00e0 ne pas divulguer ou r\u00e9v\u00e9ler des informations sur les r\u00e9clamations de l&rsquo;Utilisateur, les motifs des conseils sollicit\u00e9s ou la dur\u00e9e de sa relation avec l&rsquo;Utilisateur.<\/p>\n<p>&lt;pclass=\u00a0\u00bbp5&Prime;&gt;<\/p>\n<\/div>\n<\/div>\n[\/vc_column_text][\/vc_column][\/vc_row]\n","protected":false},"excerpt":{"rendered":"<p>[vc_row type=\u00a0\u00bbin_container\u00a0\u00bb full_screen_row_position=\u00a0\u00bbmiddle\u00a0\u00bb column_margin=\u00a0\u00bbdefault\u00a0\u00bb column_direction=\u00a0\u00bbdefault\u00a0\u00bb column_direction_tablet=\u00a0\u00bbdefault\u00a0\u00bb column_direction_phone=\u00a0\u00bbdefault\u00a0\u00bb scene_position=\u00a0\u00bbcenter\u00a0\u00bb top_padding=\u00a0\u00bb2%\u00a0\u00bb bottom_padding=\u00a0\u00bb4%\u00a0\u00bb text_color=\u00a0\u00bbdark\u00a0\u00bb text_align=\u00a0\u00bbleft\u00a0\u00bb row_border_radius=\u00a0\u00bbnone\u00a0\u00bb row_border_radius_applies=\u00a0\u00bbbg\u00a0\u00bb overflow=\u00a0\u00bbvisible\u00a0\u00bb advanced_gradient_angle=\u00a0\u00bb0&Prime; overlay_strength=\u00a0\u00bb0.3&Prime; gradient_direction=\u00a0\u00bbleft_to_right\u00a0\u00bb shape_divider_position=\u00a0\u00bbbottom\u00a0\u00bb bg_image_animation=\u00a0\u00bbnone\u00a0\u00bb gradient_type=\u00a0\u00bbdefault\u00a0\u00bb shape_type=\u00a0\u00bb\u00a0\u00bb][vc_column column_padding=\u00a0\u00bbno-extra-padding\u00a0\u00bb column_padding_tablet=\u00a0\u00bbinherit\u00a0\u00bb column_padding_phone=\u00a0\u00bbinherit\u00a0\u00bb column_padding_position=\u00a0\u00bball\u00a0\u00bb column_element_direction_desktop=\u00a0\u00bbdefault\u00a0\u00bb column_element_spacing=\u00a0\u00bbdefault\u00a0\u00bb desktop_text_alignment=\u00a0\u00bbdefault\u00a0\u00bb tablet_text_alignment=\u00a0\u00bbdefault\u00a0\u00bb&#8230;<\/p>\n","protected":false},"author":1,"featured_media":0,"parent":0,"menu_order":0,"comment_status":"closed","ping_status":"closed","template":"","meta":{"_exactmetrics_skip_tracking":false,"_exactmetrics_sitenote_active":false,"_exactmetrics_sitenote_note":"","_exactmetrics_sitenote_category":0,"footnotes":""},"class_list":["post-1251","page","type-page","status-publish"],"yoast_head":"<!-- This site is optimized with the Yoast SEO plugin v26.9 - https:\/\/yoast.com\/product\/yoast-seo-wordpress\/ -->\n<title>Politique de confidentialit\u00e9 &#187; Autelec<\/title>\n<meta name=\"robots\" content=\"index, follow, max-snippet:-1, max-image-preview:large, max-video-preview:-1\" \/>\n<link rel=\"canonical\" href=\"https:\/\/autelec.es\/politica-de-privacidad\/\" \/>\n<meta property=\"og:locale\" content=\"fr_FR\" \/>\n<meta property=\"og:type\" content=\"article\" \/>\n<meta property=\"og:title\" content=\"Politique de confidentialit\u00e9 &#187; Autelec\" \/>\n<meta property=\"og:description\" content=\"[vc_row type=\u00a0\u00bbin_container\u00a0\u00bb full_screen_row_position=\u00a0\u00bbmiddle\u00a0\u00bb column_margin=\u00a0\u00bbdefault\u00a0\u00bb column_direction=\u00a0\u00bbdefault\u00a0\u00bb column_direction_tablet=\u00a0\u00bbdefault\u00a0\u00bb column_direction_phone=\u00a0\u00bbdefault\u00a0\u00bb scene_position=\u00a0\u00bbcenter\u00a0\u00bb top_padding=\u00a0\u00bb2%\u00a0\u00bb bottom_padding=\u00a0\u00bb4%\u00a0\u00bb text_color=\u00a0\u00bbdark\u00a0\u00bb text_align=\u00a0\u00bbleft\u00a0\u00bb row_border_radius=\u00a0\u00bbnone\u00a0\u00bb row_border_radius_applies=\u00a0\u00bbbg\u00a0\u00bb overflow=\u00a0\u00bbvisible\u00a0\u00bb advanced_gradient_angle=\u00a0\u00bb0&Prime; overlay_strength=\u00a0\u00bb0.3&Prime; gradient_direction=\u00a0\u00bbleft_to_right\u00a0\u00bb shape_divider_position=\u00a0\u00bbbottom\u00a0\u00bb bg_image_animation=\u00a0\u00bbnone\u00a0\u00bb gradient_type=\u00a0\u00bbdefault\u00a0\u00bb shape_type=\u00a0\u00bb\u00a0\u00bb][vc_column column_padding=\u00a0\u00bbno-extra-padding\u00a0\u00bb column_padding_tablet=\u00a0\u00bbinherit\u00a0\u00bb column_padding_phone=\u00a0\u00bbinherit\u00a0\u00bb column_padding_position=\u00a0\u00bball\u00a0\u00bb column_element_direction_desktop=\u00a0\u00bbdefault\u00a0\u00bb column_element_spacing=\u00a0\u00bbdefault\u00a0\u00bb desktop_text_alignment=\u00a0\u00bbdefault\u00a0\u00bb tablet_text_alignment=\u00a0\u00bbdefault\u00a0\u00bb...\" \/>\n<meta property=\"og:url\" content=\"https:\/\/autelec.es\/politica-de-privacidad\/\" \/>\n<meta property=\"og:site_name\" content=\"Autelec\" \/>\n<meta property=\"article:publisher\" content=\"https:\/\/www.facebook.com\/autelec.tecnologia.sl\/\" \/>\n<meta property=\"article:modified_time\" content=\"2024-11-27T09:04:12+00:00\" \/>\n<meta name=\"twitter:card\" content=\"summary_large_image\" \/>\n<meta name=\"twitter:site\" content=\"@autelec\" \/>\n<meta name=\"twitter:label1\" content=\"Dur\u00e9e de lecture estim\u00e9e\" \/>\n\t<meta name=\"twitter:data1\" content=\"12 minutes\" \/>\n<script type=\"application\/ld+json\" class=\"yoast-schema-graph\">{\"@context\":\"https:\/\/schema.org\",\"@graph\":[{\"@type\":\"WebPage\",\"@id\":\"https:\/\/autelec.es\/politica-de-privacidad\/\",\"url\":\"https:\/\/autelec.es\/politica-de-privacidad\/\",\"name\":\"Politique de confidentialit\u00e9 &#187; Autelec\",\"isPartOf\":{\"@id\":\"https:\/\/autelec.es\/#website\"},\"datePublished\":\"2022-02-07T10:58:35+00:00\",\"dateModified\":\"2024-11-27T09:04:12+00:00\",\"breadcrumb\":{\"@id\":\"https:\/\/autelec.es\/politica-de-privacidad\/#breadcrumb\"},\"inLanguage\":\"fr-FR\",\"potentialAction\":[{\"@type\":\"ReadAction\",\"target\":[\"https:\/\/autelec.es\/politica-de-privacidad\/\"]}]},{\"@type\":\"BreadcrumbList\",\"@id\":\"https:\/\/autelec.es\/politica-de-privacidad\/#breadcrumb\",\"itemListElement\":[{\"@type\":\"ListItem\",\"position\":1,\"name\":\"Portada\",\"item\":\"https:\/\/autelec.es\/\"},{\"@type\":\"ListItem\",\"position\":2,\"name\":\"Politique de confidentialit\u00e9\"}]},{\"@type\":\"WebSite\",\"@id\":\"https:\/\/autelec.es\/#website\",\"url\":\"https:\/\/autelec.es\/\",\"name\":\"Autelec\",\"description\":\"Otro sitio realizado con WordPress\",\"potentialAction\":[{\"@type\":\"SearchAction\",\"target\":{\"@type\":\"EntryPoint\",\"urlTemplate\":\"https:\/\/autelec.es\/?s={search_term_string}\"},\"query-input\":{\"@type\":\"PropertyValueSpecification\",\"valueRequired\":true,\"valueName\":\"search_term_string\"}}],\"inLanguage\":\"fr-FR\"}]}<\/script>\n<!-- \/ Yoast SEO plugin. -->","yoast_head_json":{"title":"Politique de confidentialit\u00e9 &#187; Autelec","robots":{"index":"index","follow":"follow","max-snippet":"max-snippet:-1","max-image-preview":"max-image-preview:large","max-video-preview":"max-video-preview:-1"},"canonical":"https:\/\/autelec.es\/politica-de-privacidad\/","og_locale":"fr_FR","og_type":"article","og_title":"Politique de confidentialit\u00e9 &#187; Autelec","og_description":"[vc_row type=\u00a0\u00bbin_container\u00a0\u00bb full_screen_row_position=\u00a0\u00bbmiddle\u00a0\u00bb column_margin=\u00a0\u00bbdefault\u00a0\u00bb column_direction=\u00a0\u00bbdefault\u00a0\u00bb column_direction_tablet=\u00a0\u00bbdefault\u00a0\u00bb column_direction_phone=\u00a0\u00bbdefault\u00a0\u00bb scene_position=\u00a0\u00bbcenter\u00a0\u00bb top_padding=\u00a0\u00bb2%\u00a0\u00bb bottom_padding=\u00a0\u00bb4%\u00a0\u00bb text_color=\u00a0\u00bbdark\u00a0\u00bb text_align=\u00a0\u00bbleft\u00a0\u00bb row_border_radius=\u00a0\u00bbnone\u00a0\u00bb row_border_radius_applies=\u00a0\u00bbbg\u00a0\u00bb overflow=\u00a0\u00bbvisible\u00a0\u00bb advanced_gradient_angle=\u00a0\u00bb0&Prime; overlay_strength=\u00a0\u00bb0.3&Prime; gradient_direction=\u00a0\u00bbleft_to_right\u00a0\u00bb shape_divider_position=\u00a0\u00bbbottom\u00a0\u00bb bg_image_animation=\u00a0\u00bbnone\u00a0\u00bb gradient_type=\u00a0\u00bbdefault\u00a0\u00bb shape_type=\u00a0\u00bb\u00a0\u00bb][vc_column column_padding=\u00a0\u00bbno-extra-padding\u00a0\u00bb column_padding_tablet=\u00a0\u00bbinherit\u00a0\u00bb column_padding_phone=\u00a0\u00bbinherit\u00a0\u00bb column_padding_position=\u00a0\u00bball\u00a0\u00bb column_element_direction_desktop=\u00a0\u00bbdefault\u00a0\u00bb column_element_spacing=\u00a0\u00bbdefault\u00a0\u00bb desktop_text_alignment=\u00a0\u00bbdefault\u00a0\u00bb tablet_text_alignment=\u00a0\u00bbdefault\u00a0\u00bb...","og_url":"https:\/\/autelec.es\/politica-de-privacidad\/","og_site_name":"Autelec","article_publisher":"https:\/\/www.facebook.com\/autelec.tecnologia.sl\/","article_modified_time":"2024-11-27T09:04:12+00:00","twitter_card":"summary_large_image","twitter_site":"@autelec","twitter_misc":{"Dur\u00e9e de lecture estim\u00e9e":"12 minutes"},"schema":{"@context":"https:\/\/schema.org","@graph":[{"@type":"WebPage","@id":"https:\/\/autelec.es\/politica-de-privacidad\/","url":"https:\/\/autelec.es\/politica-de-privacidad\/","name":"Politique de confidentialit\u00e9 &#187; Autelec","isPartOf":{"@id":"https:\/\/autelec.es\/#website"},"datePublished":"2022-02-07T10:58:35+00:00","dateModified":"2024-11-27T09:04:12+00:00","breadcrumb":{"@id":"https:\/\/autelec.es\/politica-de-privacidad\/#breadcrumb"},"inLanguage":"fr-FR","potentialAction":[{"@type":"ReadAction","target":["https:\/\/autelec.es\/politica-de-privacidad\/"]}]},{"@type":"BreadcrumbList","@id":"https:\/\/autelec.es\/politica-de-privacidad\/#breadcrumb","itemListElement":[{"@type":"ListItem","position":1,"name":"Portada","item":"https:\/\/autelec.es\/"},{"@type":"ListItem","position":2,"name":"Politique de confidentialit\u00e9"}]},{"@type":"WebSite","@id":"https:\/\/autelec.es\/#website","url":"https:\/\/autelec.es\/","name":"Autelec","description":"Otro sitio realizado con WordPress","potentialAction":[{"@type":"SearchAction","target":{"@type":"EntryPoint","urlTemplate":"https:\/\/autelec.es\/?s={search_term_string}"},"query-input":{"@type":"PropertyValueSpecification","valueRequired":true,"valueName":"search_term_string"}}],"inLanguage":"fr-FR"}]}},"_links":{"self":[{"href":"https:\/\/autelec.es\/fr\/wp-json\/wp\/v2\/pages\/1251","targetHints":{"allow":["GET"]}}],"collection":[{"href":"https:\/\/autelec.es\/fr\/wp-json\/wp\/v2\/pages"}],"about":[{"href":"https:\/\/autelec.es\/fr\/wp-json\/wp\/v2\/types\/page"}],"author":[{"embeddable":true,"href":"https:\/\/autelec.es\/fr\/wp-json\/wp\/v2\/users\/1"}],"replies":[{"embeddable":true,"href":"https:\/\/autelec.es\/fr\/wp-json\/wp\/v2\/comments?post=1251"}],"version-history":[{"count":4,"href":"https:\/\/autelec.es\/fr\/wp-json\/wp\/v2\/pages\/1251\/revisions"}],"predecessor-version":[{"id":2333,"href":"https:\/\/autelec.es\/fr\/wp-json\/wp\/v2\/pages\/1251\/revisions\/2333"}],"wp:attachment":[{"href":"https:\/\/autelec.es\/fr\/wp-json\/wp\/v2\/media?parent=1251"}],"curies":[{"name":"wp","href":"https:\/\/api.w.org\/{rel}","templated":true}]}}