{"id":1496,"date":"2022-02-08T09:13:40","date_gmt":"2022-02-08T09:13:40","guid":{"rendered":"https:\/\/autelec.es\/politica-de-cookies\/"},"modified":"2024-11-27T09:07:03","modified_gmt":"2024-11-27T09:07:03","slug":"politica-de-privacidade","status":"publish","type":"page","link":"https:\/\/autelec.es\/pt-pt\/politica-de-privacidade\/","title":{"rendered":"Pol\u00edtica de Privacidade"},"content":{"rendered":"[vc_row type=&#8221;in_container&#8221; full_screen_row_position=&#8221;middle&#8221; column_margin=&#8221;default&#8221; column_direction=&#8221;default&#8221; column_direction_tablet=&#8221;default&#8221; column_direction_phone=&#8221;default&#8221; scene_position=&#8221;center&#8221; top_padding=&#8221;2%&#8221; bottom_padding=&#8221;4%&#8221; text_color=&#8221;dark&#8221; text_align=&#8221;left&#8221; row_border_radius=&#8221;none&#8221; row_border_radius_applies=&#8221;bg&#8221; overflow=&#8221;visible&#8221; advanced_gradient_angle=&#8221;0&#8243; overlay_strength=&#8221;0.3&#8243; gradient_direction=&#8221;left_to_right&#8221; shape_divider_position=&#8221;bottom&#8221; bg_image_animation=&#8221;none&#8221; gradient_type=&#8221;default&#8221; shape_type=&#8221;&#8221;][vc_column column_padding=&#8221;no-extra-padding&#8221; column_padding_tablet=&#8221;inherit&#8221; column_padding_phone=&#8221;inherit&#8221; column_padding_position=&#8221;all&#8221; column_element_direction_desktop=&#8221;default&#8221; column_element_spacing=&#8221;default&#8221; desktop_text_alignment=&#8221;default&#8221; tablet_text_alignment=&#8221;default&#8221; phone_text_alignment=&#8221;default&#8221; background_color_opacity=&#8221;1&#8243; background_hover_color_opacity=&#8221;1&#8243; column_backdrop_filter=&#8221;none&#8221; column_shadow=&#8221;none&#8221; column_border_radius=&#8221;none&#8221; column_link_target=&#8221;_self&#8221; column_position=&#8221;default&#8221; gradient_direction=&#8221;left_to_right&#8221; overlay_strength=&#8221;0.3&#8243; width=&#8221;1\/1&#8243; tablet_width_inherit=&#8221;default&#8221; animation_type=&#8221;default&#8221; bg_image_animation=&#8221;none&#8221; border_type=&#8221;simple&#8221; column_border_width=&#8221;none&#8221; column_border_style=&#8221;solid&#8221;][vc_column_text css=&#8221;&#8221; text_direction=&#8221;default&#8221;]\n<h2>Pol\u00edtica de Privacidade<\/h2>\n<p>&nbsp;<\/p>\n<div class=\"wpb_text_column wpb_content_element \">\n<div class=\"wpb_wrapper\">\n<p class=\"p1\">\u201cAUTELEC\u201d est\u00e1 profundamente empenhada no cumprimento das normas espanholas e europeias em mat\u00e9ria de prote\u00e7\u00e3o de dados pessoais, e garante o cumprimento integral das obriga\u00e7\u00f5es estabelecidas, bem como a implementa\u00e7\u00e3o das medidas de seguran\u00e7a previstas no o Regulamento Geral de Prote\u00e7\u00e3o de Dados (RGPD) (UE) 2016\/679, de 27 de abril, e na Lei Org\u00e2nica 3\/2018, de 5 de dezembro, sobre a Prote\u00e7\u00e3o de Dados Pessoais e garantia de direitos digitais (LOPD e GDD, doravante LOPD) .<\/p>\n<p class=\"p1\">De acordo com este regulamento, informamos que a utiliza\u00e7\u00e3o do nosso website poder\u00e1 exigir o fornecimento de determinados dados pessoais atrav\u00e9s de formul\u00e1rios de registo ou contacto, ou envio de emails, e que estes ser\u00e3o de tratamento por &#8220;AUTELEC&#8221;, Respons\u00e1vel pelo tratamento, cujos dados s\u00e3o:<\/p>\n<ul class=\"ul1\">\n<li class=\"li4\"><b>Nome da empresa<\/b>: AUTELEC TECNOLOGIA SL<\/li>\n<li class=\"li4\"><b>CIF<\/b>: B98530058<\/li>\n<li class=\"li4\"><b>Endere\u00e7o registrado<\/b>: C\/Praga 4 pol. Industrial mas de tous 46185, La Pobla de Vallbona, (Valencia), Espanha<\/li>\n<li class=\"li4\"><b>Telefone<\/b>: + 34 963 75 14 71<\/li>\n<li class=\"li4\"><b>e-mail<\/b>: comercial@autelec.es<\/li>\n<\/ul>\n<p class=\"p4\"><b><i>Coleta e processamento de dados pessoais<\/i><\/b><\/p>\n<p class=\"p5\">Um dado pessoal \u00e9 qualquer informa\u00e7\u00e3o relacionada a uma pessoa: nome, e-mail, endere\u00e7o, telefone, NIF\/NIE\u2026 Al\u00e9m disso, quando um usu\u00e1rio visita nosso site, certas informa\u00e7\u00f5es s\u00e3o armazenadas automaticamente por motivos t\u00e9cnicos, como como o endere\u00e7o IP atribu\u00eddo pelo seu provedor de acesso \u00e0 Internet.<\/p>\n<p class=\"p5\">A \u201cAUTELEC\u201d, na qualidade de Respons\u00e1vel pelo Tratamento, tem o dever de informar os Utilizadores do seu website sobre a recolha de dados pessoais que possam ser efetuadas, quer atrav\u00e9s do envio de correio eletr\u00f3nico, quer atrav\u00e9s do preenchimento dos formul\u00e1rios inclu\u00eddos no site.<\/p>\n<p class=\"p5\">S\u00f3 ser\u00e3o obtidos os dados precisos para poder realizar o servi\u00e7o contratado, ou para poder responder adequadamente ao pedido de informa\u00e7\u00e3o feito pelo Utilizador. Os dados recolhidos s\u00e3o identificativos e correspondem a um m\u00ednimo razo\u00e1vel para poder realizar a atividade desenvolvida.<b> <\/b>Em particular, os dados especialmente protegidos n\u00e3o s\u00e3o recolhidos em momento algum.<b> <\/b>Em nenhum caso Os dados ser\u00e3o usados \u200b\u200bde forma diferente da finalidade para a qual foram coletados.<\/p>\n<p class=\"p5\"><span class=\"s6\">Formul\u00e1rios de contato\/e-mail<\/span><\/p>\n<p class=\"p5\"><i>Objetivo<\/i>: responder \u00e0 sua solicita\u00e7\u00e3o de informa\u00e7\u00f5es feita por meio de nossos formul\u00e1rios de contato.<\/p>\n<p class=\"p5\"><i>Legitimiza\u00e7\u00e3o<\/i>: A base legal que legitima este tratamento \u00e9 o consentimento do Usu\u00e1rio, que pode ser revogado a qualquer momento.<\/p>\n<p class=\"p5\"><i>Transfer\u00eancia de dados<\/i>: Os dados pessoais ser\u00e3o processados \u200b\u200bpor meio de servidores gerenciados pela <span class=\"s4\">Arsys<\/span>, que ser\u00e1 considerado o Tratamento do Controlador de Dados .<\/p>\n<p class=\"p5\"><span class=\"s6\">Formul\u00e1rios de emprego<\/span><\/p>\n<p class=\"p5\"><i>Objetivo<\/i>: acessar os processos de sele\u00e7\u00e3o de pessoal do respons\u00e1vel.<\/p>\n<p class=\"p5\"><i>Legitimiza\u00e7\u00e3o<\/i>: A base legal que legitima este tratamento \u00e9 o consentimento do Usu\u00e1rio, que pode ser revogado a qualquer momento.<\/p>\n<p class=\"p5\"><i>Transfer\u00eancia de dados<\/i>: os dados pessoais ser\u00e3o processados \u200b\u200bpor meio de servidores gerenciados por <a href=\"https:\/\/www.arsys.es\/\"><span class=\"s7 \">Arsys<\/span><\/a>, que ser\u00e1 considerado o Processador de Dados.<\/p>\n<p class=\"p5\"><span class=\"s6\">Formul\u00e1rios de recrutamento<\/span><\/p>\n<p class=\"p5\"><i>Prop\u00f3sitos<\/i>:<\/p>\n<ul class=\"ul1\">\n<li class=\"li5\">Gerencie as compras feitas.<\/li>\n<li class=\"li5\">Forne\u00e7a informa\u00e7\u00f5es sobre o processamento e o status das compras.<\/li>\n<li class=\"li5\">Enviar comunica\u00e7\u00f5es por e-mail e\/ou telefone, com o objetivo de informar o Usu\u00e1rio sobre poss\u00edveis incidentes, erros, problemas e\/ou status do pedido.<\/li>\n<\/ul>\n<p class=\"p5\"><i>Legitimiza\u00e7\u00e3o<\/i>: a base legal que legitima esse tratamento \u00e9 a execu\u00e7\u00e3o de um contrato.<\/p>\n<p class=\"p5\"><i>Transfer\u00eancia de dados<\/i>: \u201cAUTELEC\u201d n\u00e3o transferir\u00e1 ou comunicar\u00e1 seus dados a terceiros, exceto nos casos previstos em lei ou quando for estritamente necess\u00e1rio para a presta\u00e7\u00e3o de um servi\u00e7o. Especificamente, os dados podem ser transferidos para:<\/p>\n<ul class=\"ul1\">\n<li class=\"li5\">Provedores de servi\u00e7os tecnol\u00f3gicos ou de inform\u00e1tica.<\/li>\n<li class=\"li5\">Provedores de servi\u00e7os de pagamento.<\/li>\n<li class=\"li5\">Empresas de correio e encomendas.<\/li>\n<li class=\"li5\">Terceiros ou intermedi\u00e1rios, como prestadores de servi\u00e7os, operando em nosso pr\u00f3prio nome (gest\u00e3o, consultoria&#8230;).<\/li>\n<\/ul>\n<p class=\"p5\">As transfer\u00eancias de dados ocorrer\u00e3o respeitando a mais estrita confidencialidade, utilizando as medidas necess\u00e1rias, como a assinatura de contratos de confidencialidade, ou o cumprimento de suas pol\u00edticas de privacidade estabelecidas em suas respectivas p\u00e1ginas da web. O Utilizador pode recusar a cess\u00e3o dos seus dados aos Gestores de Tratamento, mediante pedido escrito, por qualquer um dos meios acima mencionados.<\/p>\n<p class=\"p5\">Al\u00e9m disso, nos casos em que seja necess\u00e1rio, os dados do Cliente podem ser transferidos para determinadas entidades, em cumprimento de uma obriga\u00e7\u00e3o legal: Ag\u00eancia Fiscal Espanhola, entidades banc\u00e1rias, Inspe\u00e7\u00e3o do Trabalho, etc.<\/p>\n<p class=\"p5\"><span class=\"s6\">Formul\u00e1rio de coment\u00e1rios<\/span><\/p>\n<p class=\"p5\"><i>Objetivo<\/i>: fazer um coment\u00e1rio ou revis\u00e3o para publica\u00e7\u00e3o na p\u00e1gina da web.<\/p>\n<p class=\"p5\"><i>Legitimiza\u00e7\u00e3o<\/i>: A base legal que legitima este tratamento \u00e9 o consentimento do Usu\u00e1rio, que pode ser revogado a qualquer momento.<\/p>\n<p class=\"p6\"><i>Transfer\u00eancia de dados<\/i>: os dados pessoais ser\u00e3o processados \u200b\u200batrav\u00e9s dos servidores deste site, administrados por <a href=\"https:\/\/www.arsys.es\/ \">&lt; span class=&#8221;s7&#8243;&gt;Arsys<\/a>, que ser\u00e1 considerado o Processador de Dados.<\/p>\n<p class=\"p4\"><b><i>Menores<\/i><\/b><\/p>\n<p class=\"p6\">Somente pessoas maiores de 14 anos podem fornecer dados pessoais neste site. Conforme exigido pela LOPD e GDD, no caso de menores de 14 anos, o consentimento de seus pais ou respons\u00e1veis \u200b\u200bser\u00e1 uma condi\u00e7\u00e3o obrigat\u00f3ria para que possamos processar seus dados pessoais.<\/p>\n<p class=\"p6\">Por outro lado, apenas maiores de 18 anos podem contratar nossos servi\u00e7os. No caso de menores de 18 anos, o consentimento dos pais ou respons\u00e1veis \u200b\u200blegais ser\u00e1 condi\u00e7\u00e3o obrigat\u00f3ria para que possamos prestar os servi\u00e7os oferecidos, salvo se o menor for emancipado.<\/p>\n<p class=\"p4\"><b><i>Medidas de seguran\u00e7a<\/i><\/b><\/p>\n<p class=\"p5\">Os utilizadores do website \u201cAUTELEC\u201d s\u00e3o informados de que foram adotadas as medidas de seguran\u00e7a, t\u00e9cnicas e organizativas de que dispomos para evitar a perda, uso indevido, altera\u00e7\u00e3o, acesso n\u00e3o autorizado e furto de dados, e assim garantir a confidencialidade, integridade e qualidade das informa\u00e7\u00f5es nele contidas, de acordo com as disposi\u00e7\u00f5es da regulamenta\u00e7\u00e3o vigente sobre prote\u00e7\u00e3o de dados. Os dados pessoais recolhidos nos formul\u00e1rios est\u00e3o sujeitos a tratamento, apenas, pelo pessoal da &#8220;AUTELEC&#8221; ou pelos Gestores de Tratamento Designados.<\/p>\n<p class=\"p6\">O Site \u201cAUTELEC\u201d tamb\u00e9m possui criptografia SSL, que permite ao Usu\u00e1rio enviar de forma segura seus dados pessoais atrav\u00e9s dos formul\u00e1rios de contato ou cadastro do site.<\/p>\n<p class=\"p4\"><b><i>Precis\u00e3o dos dados<\/i><\/b><\/p>\n<p class=\"p6\">O Usu\u00e1rio declara que todas as informa\u00e7\u00f5es por ele fornecidas s\u00e3o verdadeiras e corretas e se compromete a mant\u00ea-las atualizadas. O Utilizador ser\u00e1 respons\u00e1vel pela veracidade dos seus dados e ser\u00e1 o \u00fanico respons\u00e1vel por quaisquer conflitos ou lit\u00edgios que possam resultar da falsidade dos mesmos. \u00c9 importante que, para que possamos manter os dados pessoais atualizados, o Utilizador informe a &#8220;AUTELEC&#8221; sempre que tenha havido alguma altera\u00e7\u00e3o nos mesmos.<\/p>\n<p class=\"p4\"><b><i>Transfer\u00eancia de dados<\/i><\/b><\/p>\n<p class=\"p5\">\u201cAUTELEC\u201d n\u00e3o transferir\u00e1 ou comunicar\u00e1 seus dados a terceiros, exceto nos casos previstos em lei ou quando a presta\u00e7\u00e3o de um servi\u00e7o implique a necessidade de uma rela\u00e7\u00e3o contratual com um Gerente de Tratamento. Assim, o Utilizador aceita que alguns dos dados pessoais recolhidos sejam fornecidos a estes Gestores de Tratamento (plataformas de pagamento, ag\u00eancia, intermedi\u00e1rios, etc.), quando necess\u00e1rio para a efetiva execu\u00e7\u00e3o de um servi\u00e7o contratado ou produto adquirido. O Utilizador aceita ainda que, em caso de presta\u00e7\u00e3o de servi\u00e7os, estes possam ser, total ou parcialmente, subcontratados a outras pessoas ou empresas, que ser\u00e3o consideradas Gestores de Tratamento, com os quais tenha sido celebrado o correspondente acordo de confidencialidade, ou aderindo aos seus pol\u00edticas de privacidade, estabelecidas em suas respectivas p\u00e1ginas da web. O Utilizador pode recusar a cess\u00e3o dos seus dados aos Gestores de Tratamento, mediante pedido escrito, por qualquer um dos meios acima mencionados.<\/p>\n<p class=\"p6\">Al\u00e9m disso, nos casos em que seja necess\u00e1rio, os dados do Cliente podem ser transferidos para determinadas entidades, em cumprimento de uma obriga\u00e7\u00e3o legal: Ag\u00eancia Fiscal Espanhola, entidades banc\u00e1rias, Inspe\u00e7\u00e3o do Trabalho, etc.<\/p>\n<p class=\"p4\"><b><i>Exerc\u00edcio dos direitos do usu\u00e1rio<\/i><\/b><\/p>\n<p class=\"p5\">A LOPD e GDD e o RGPD concedem aos interessados \u200b\u200ba possibilidade de exercer uma s\u00e9rie de direitos relacionados com o tratamento dos seus dados pessoais. Para tal, o Utilizador dever\u00e1 dirigir-se, apresentando documenta\u00e7\u00e3o comprovativa da sua identidade (DNI ou passaporte), por correio eletr\u00f3nico para comercial<span class=\"s8\">@autelec.es, ou por <\/span>comunica\u00e7\u00e3o escrita para o endere\u00e7o que aparece em nosso Aviso Legal. A referida comunica\u00e7\u00e3o deve refletir a seguinte informa\u00e7\u00e3o: nome e apelido do Utilizador, o objeto do pedido, a morada e os dados de suporte.<\/p>\n<p class=\"p5\">O exerc\u00edcio dos direitos deve ser realizado pelo pr\u00f3prio Usu\u00e1rio. No entanto, poder\u00e3o ser executados por pessoa autorizada como representante legal do Usu\u00e1rio, fornecendo a documenta\u00e7\u00e3o que comprove tal representa\u00e7\u00e3o.<\/p>\n<p class=\"p5\">O Usu\u00e1rio pode solicitar o exerc\u00edcio dos seguintes direitos:<\/p>\n<ul class=\"ul1\">\n<li class=\"li5\">Direito de solicitar <b>acesso<\/b> aos dados pessoais, que \u00e9 o direito de obter informa\u00e7\u00f5es sobre se seus pr\u00f3prios dados pessoais est\u00e3o sendo processados, a finalidade do tratamento que, se houver, est\u00e1 sendo realizado, bem como as informa\u00e7\u00f5es dispon\u00edveis sobre a origem desses dados e as comunica\u00e7\u00f5es feitas ou planejadas dos mesmos.<\/li>\n<li class=\"li5\">Direito de solicitar sua <b>retifica\u00e7\u00e3o<\/b>, caso os dados pessoais estejam incorretos ou imprecisos, ou <b>exclus\u00e3o<\/b> dos dados que se mostrem inadequados ou excessivo.<\/li>\n<li class=\"li5\">Direito de solicitar a <b>limita\u00e7\u00e3o<\/b> do seu tratamento, caso em que apenas os dados estritamente necess\u00e1rios para o exerc\u00edcio ou defesa de reclama\u00e7\u00f5es ser\u00e3o mantidos pela &#8220;AUTELEC&#8221;.<\/li>\n<li class=\"li5\">Direito de <b>opor<\/b> ao tratamento: refere-se ao direito do interessado de n\u00e3o realizar o tratamento de seus dados pessoais ou de cess\u00e1-lo nos casos em que sua n\u00e3o seja necess\u00e1rio consentimento para o tratamento, que sejam ficheiros de prospe\u00e7\u00e3o comercial ou que tenham por objeto a ado\u00e7\u00e3o de decis\u00f5es referentes ao interessado e baseadas unicamente no tratamento automatizado dos seus dados, salvo por motivos leg\u00edtimos ou no exerc\u00edcio ou defesa de eventuais as reclama\u00e7\u00f5es devem continuar a ser tratadas.<\/li>\n<li class=\"li5\">Direito \u00e0 <b>portabilidade<\/b> dos dados: caso queira que seus dados sejam processados \u200b\u200bpor outra empresa, a &#8220;AUTELEC&#8221; facilitar\u00e1 a portabilidade de seus dados em formato export\u00e1vel.<\/li>\n<\/ul>\n<p class=\"p5\">Caso o consentimento tenha sido concedido para uma finalidade espec\u00edfica, <b>o usu\u00e1rio tem o direito de retirar o consentimento a qualquer momento<\/b>, sem afetar a legalidade do tratamento com base em o consentimento antes de sua retirada.<\/p>\n<p class=\"p5\">Prometemos executar todos esses direitos dentro do prazo legal m\u00e1ximo (1 m\u00eas).<\/p>\n<p class=\"p6\">Se um Utilizador considerar que existe um problema com a forma como a &#8220;AUTELEC&#8221; trata os seus dados, pode dirigir as suas reclama\u00e7\u00f5es ao Gestor de Seguran\u00e7a ou \u00e0 autoridade de prote\u00e7\u00e3o de dados correspondente, sendo a Ag\u00eancia Autoridade Espanhola de Prote\u00e7\u00e3o de Dados indicada no caso da Espanha.<\/p>\n<p class=\"p4\"><b><i>Reten\u00e7\u00e3o de dados<\/i><\/b><\/p>\n<p class=\"p5\">Os dados pessoais dos Utilizadores que utilizem o formul\u00e1rio de contacto ou que nos enviem um e-mail solicitando informa\u00e7\u00f5es ser\u00e3o tratados pelo tempo estritamente necess\u00e1rio ao atendimento do pedido de informa\u00e7\u00e3o, ou at\u00e9 a sua revoga\u00e7\u00e3o. consentimento concedido.<\/p>\n<p class=\"p5\">Os dados pessoais do Cliente ser\u00e3o processados \u200b\u200bat\u00e9 o t\u00e9rmino da rela\u00e7\u00e3o contratual. O per\u00edodo de conserva\u00e7\u00e3o dos dados pessoais ser\u00e1 o m\u00ednimo necess\u00e1rio, podendo ser mantido at\u00e9:<\/p>\n<ul class=\"ul1\">\n<li class=\"li5\">4 anos: Lei das Infrac\u00e7\u00f5es e San\u00e7\u00f5es na Ordem Social (obriga\u00e7\u00f5es em mat\u00e9ria de filia\u00e7\u00e3o, inscri\u00e7\u00f5es, cancelamentos, contribui\u00e7\u00f5es, pagamento de sal\u00e1rios&#8230;); Artes. 66 e seguintes Lei Geral Tribut\u00e1ria (livros cont\u00e1beis&#8230;)<\/li>\n<li class=\"li5\">5 anos: Art. 1964 C\u00f3digo Civil (a\u00e7\u00f5es pessoais sem prazo especial)<\/li>\n<li class=\"li5\">6 anos: Art. 30 C\u00f3digo Comercial (livros cont\u00e1beis, faturas&#8230;)<\/li>\n<li class=\"li5\">10 anos: Art. 25 Lei de Preven\u00e7\u00e3o \u00e0 Lavagem de Dinheiro e Financiamento do Terrorismo.<\/li>\n<li class=\"li5\">Sem prazo: dados desagregados e an\u00f4nimos.<\/li>\n<\/ul>\n<p class=\"p6\">No caso de processamento de dados de candidatos (C.V.), &#8220;AUTELEC&#8221; poder\u00e1 guardar o seu CV por um per\u00edodo m\u00e1ximo de dois anos para o incluir em futuras convocat\u00f3rias, salvo indica\u00e7\u00e3o em contr\u00e1rio do candidato.<\/p>\n<p class=\"p4\"><b><i>Sele\u00e7\u00e3o de pessoal<\/i><\/b><\/p>\n<p class=\"p6\">O candidato que envia comunica\u00e7\u00f5es electr\u00f3nicas \u00e0 &#8220;AUTELEC&#8221;, para aceder aos processos de selec\u00e7\u00e3o de pessoal do respons\u00e1vel, autoriza-nos a analisar os documentos enviados (por exemplo, o CV), todos os conte\u00fados diretamente acess\u00edveis atrav\u00e9s de motores de busca na Internet (por exemplo, Google), os perfis que mant\u00e9m nas redes sociais profissionais (por exemplo, LinkedIn), os dados obtidos nos testes de acesso e as informa\u00e7\u00f5es que revela na entrevista de emprego, com o objectivo de avaliar a sua candidatura e poder, se for caso disso, oferecer-lhe um emprego. Caso o candidato n\u00e3o seja selecionado, a &#8220;AUTELEC&#8221; poder\u00e1 manter o seu C.V. por um per\u00edodo m\u00e1ximo de dois anos, para incorpor\u00e1-lo em futuras convocat\u00f3rias, salvo indica\u00e7\u00e3o em contr\u00e1rio do candidato. A base legal que legitima este tratamento ser\u00e1 o consentimento do interessado, que poder\u00e1 ser revogado a qualquer momento.<\/p>\n<p class=\"p4\"><b><i>Confidencialidade<\/i><\/b><\/p>\n<p class=\"p6\">As informa\u00e7\u00f5es fornecidas pelo Usu\u00e1rio ser\u00e3o, em qualquer caso, consideradas confidenciais, n\u00e3o podendo ser utilizadas para outros fins que n\u00e3o os aqui descritos. A &#8220;AUTELEC&#8221; compromete-se a n\u00e3o divulgar ou revelar informa\u00e7\u00f5es sobre as reclama\u00e7\u00f5es do Utilizador, os motivos do aconselhamento solicitado ou a dura\u00e7\u00e3o da sua rela\u00e7\u00e3o com o Utilizador.<\/p>\n<\/div>\n<\/div>\n[\/vc_column_text][\/vc_column][\/vc_row]\n","protected":false},"excerpt":{"rendered":"<p>[vc_row type=&#8221;in_container&#8221; full_screen_row_position=&#8221;middle&#8221; column_margin=&#8221;default&#8221; column_direction=&#8221;default&#8221; column_direction_tablet=&#8221;default&#8221; column_direction_phone=&#8221;default&#8221; scene_position=&#8221;center&#8221; top_padding=&#8221;2%&#8221; bottom_padding=&#8221;4%&#8221; text_color=&#8221;dark&#8221; text_align=&#8221;left&#8221; row_border_radius=&#8221;none&#8221; row_border_radius_applies=&#8221;bg&#8221; overflow=&#8221;visible&#8221; advanced_gradient_angle=&#8221;0&#8243; overlay_strength=&#8221;0.3&#8243; gradient_direction=&#8221;left_to_right&#8221; shape_divider_position=&#8221;bottom&#8221; bg_image_animation=&#8221;none&#8221; gradient_type=&#8221;default&#8221; shape_type=&#8221;&#8221;][vc_column column_padding=&#8221;no-extra-padding&#8221; column_padding_tablet=&#8221;inherit&#8221; column_padding_phone=&#8221;inherit&#8221; column_padding_position=&#8221;all&#8221; column_element_direction_desktop=&#8221;default&#8221; column_element_spacing=&#8221;default&#8221; desktop_text_alignment=&#8221;default&#8221; tablet_text_alignment=&#8221;default&#8221;&#8230;<\/p>\n","protected":false},"author":1,"featured_media":0,"parent":0,"menu_order":0,"comment_status":"closed","ping_status":"closed","template":"","meta":{"_exactmetrics_skip_tracking":false,"_exactmetrics_sitenote_active":false,"_exactmetrics_sitenote_note":"","_exactmetrics_sitenote_category":0,"footnotes":""},"class_list":["post-1496","page","type-page","status-publish"],"yoast_head":"<!-- This site is optimized with the Yoast SEO plugin v26.9 - https:\/\/yoast.com\/product\/yoast-seo-wordpress\/ -->\n<title>Pol\u00edtica de Privacidade &#187; Autelec<\/title>\n<meta name=\"robots\" content=\"index, follow, max-snippet:-1, max-image-preview:large, max-video-preview:-1\" \/>\n<link rel=\"canonical\" href=\"https:\/\/autelec.es\/politica-de-privacidad\/\" \/>\n<meta property=\"og:locale\" content=\"pt_PT\" \/>\n<meta property=\"og:type\" content=\"article\" \/>\n<meta property=\"og:title\" content=\"Pol\u00edtica de Privacidade &#187; Autelec\" \/>\n<meta property=\"og:description\" content=\"[vc_row type=&#8221;in_container&#8221; full_screen_row_position=&#8221;middle&#8221; column_margin=&#8221;default&#8221; column_direction=&#8221;default&#8221; column_direction_tablet=&#8221;default&#8221; column_direction_phone=&#8221;default&#8221; scene_position=&#8221;center&#8221; top_padding=&#8221;2%&#8221; bottom_padding=&#8221;4%&#8221; text_color=&#8221;dark&#8221; text_align=&#8221;left&#8221; row_border_radius=&#8221;none&#8221; row_border_radius_applies=&#8221;bg&#8221; overflow=&#8221;visible&#8221; advanced_gradient_angle=&#8221;0&#8243; overlay_strength=&#8221;0.3&#8243; gradient_direction=&#8221;left_to_right&#8221; shape_divider_position=&#8221;bottom&#8221; bg_image_animation=&#8221;none&#8221; gradient_type=&#8221;default&#8221; shape_type=&#8221;&#8221;][vc_column column_padding=&#8221;no-extra-padding&#8221; column_padding_tablet=&#8221;inherit&#8221; column_padding_phone=&#8221;inherit&#8221; column_padding_position=&#8221;all&#8221; column_element_direction_desktop=&#8221;default&#8221; column_element_spacing=&#8221;default&#8221; desktop_text_alignment=&#8221;default&#8221; tablet_text_alignment=&#8221;default&#8221;...\" \/>\n<meta property=\"og:url\" content=\"https:\/\/autelec.es\/politica-de-privacidad\/\" \/>\n<meta property=\"og:site_name\" content=\"Autelec\" \/>\n<meta property=\"article:publisher\" content=\"https:\/\/www.facebook.com\/autelec.tecnologia.sl\/\" \/>\n<meta property=\"article:modified_time\" content=\"2024-11-27T09:07:03+00:00\" \/>\n<meta name=\"twitter:card\" content=\"summary_large_image\" \/>\n<meta name=\"twitter:site\" content=\"@autelec\" \/>\n<meta name=\"twitter:label1\" content=\"Tempo estimado de leitura\" \/>\n\t<meta name=\"twitter:data1\" content=\"12 minutos\" \/>\n<script type=\"application\/ld+json\" class=\"yoast-schema-graph\">{\"@context\":\"https:\/\/schema.org\",\"@graph\":[{\"@type\":\"WebPage\",\"@id\":\"https:\/\/autelec.es\/politica-de-privacidad\/\",\"url\":\"https:\/\/autelec.es\/politica-de-privacidad\/\",\"name\":\"Pol\u00edtica de Privacidade &#187; Autelec\",\"isPartOf\":{\"@id\":\"https:\/\/autelec.es\/#website\"},\"datePublished\":\"2022-02-08T09:13:40+00:00\",\"dateModified\":\"2024-11-27T09:07:03+00:00\",\"breadcrumb\":{\"@id\":\"https:\/\/autelec.es\/politica-de-privacidad\/#breadcrumb\"},\"inLanguage\":\"pt-PT\",\"potentialAction\":[{\"@type\":\"ReadAction\",\"target\":[\"https:\/\/autelec.es\/politica-de-privacidad\/\"]}]},{\"@type\":\"BreadcrumbList\",\"@id\":\"https:\/\/autelec.es\/politica-de-privacidad\/#breadcrumb\",\"itemListElement\":[{\"@type\":\"ListItem\",\"position\":1,\"name\":\"Portada\",\"item\":\"https:\/\/autelec.es\/\"},{\"@type\":\"ListItem\",\"position\":2,\"name\":\"Pol\u00edtica de Privacidade\"}]},{\"@type\":\"WebSite\",\"@id\":\"https:\/\/autelec.es\/#website\",\"url\":\"https:\/\/autelec.es\/\",\"name\":\"Autelec\",\"description\":\"Otro sitio realizado con WordPress\",\"potentialAction\":[{\"@type\":\"SearchAction\",\"target\":{\"@type\":\"EntryPoint\",\"urlTemplate\":\"https:\/\/autelec.es\/?s={search_term_string}\"},\"query-input\":{\"@type\":\"PropertyValueSpecification\",\"valueRequired\":true,\"valueName\":\"search_term_string\"}}],\"inLanguage\":\"pt-PT\"}]}<\/script>\n<!-- \/ Yoast SEO plugin. -->","yoast_head_json":{"title":"Pol\u00edtica de Privacidade &#187; Autelec","robots":{"index":"index","follow":"follow","max-snippet":"max-snippet:-1","max-image-preview":"max-image-preview:large","max-video-preview":"max-video-preview:-1"},"canonical":"https:\/\/autelec.es\/politica-de-privacidad\/","og_locale":"pt_PT","og_type":"article","og_title":"Pol\u00edtica de Privacidade &#187; Autelec","og_description":"[vc_row type=&#8221;in_container&#8221; full_screen_row_position=&#8221;middle&#8221; column_margin=&#8221;default&#8221; column_direction=&#8221;default&#8221; column_direction_tablet=&#8221;default&#8221; column_direction_phone=&#8221;default&#8221; scene_position=&#8221;center&#8221; top_padding=&#8221;2%&#8221; bottom_padding=&#8221;4%&#8221; text_color=&#8221;dark&#8221; text_align=&#8221;left&#8221; row_border_radius=&#8221;none&#8221; row_border_radius_applies=&#8221;bg&#8221; overflow=&#8221;visible&#8221; advanced_gradient_angle=&#8221;0&#8243; overlay_strength=&#8221;0.3&#8243; gradient_direction=&#8221;left_to_right&#8221; shape_divider_position=&#8221;bottom&#8221; bg_image_animation=&#8221;none&#8221; gradient_type=&#8221;default&#8221; shape_type=&#8221;&#8221;][vc_column column_padding=&#8221;no-extra-padding&#8221; column_padding_tablet=&#8221;inherit&#8221; column_padding_phone=&#8221;inherit&#8221; column_padding_position=&#8221;all&#8221; column_element_direction_desktop=&#8221;default&#8221; column_element_spacing=&#8221;default&#8221; desktop_text_alignment=&#8221;default&#8221; tablet_text_alignment=&#8221;default&#8221;...","og_url":"https:\/\/autelec.es\/politica-de-privacidad\/","og_site_name":"Autelec","article_publisher":"https:\/\/www.facebook.com\/autelec.tecnologia.sl\/","article_modified_time":"2024-11-27T09:07:03+00:00","twitter_card":"summary_large_image","twitter_site":"@autelec","twitter_misc":{"Tempo estimado de leitura":"12 minutos"},"schema":{"@context":"https:\/\/schema.org","@graph":[{"@type":"WebPage","@id":"https:\/\/autelec.es\/politica-de-privacidad\/","url":"https:\/\/autelec.es\/politica-de-privacidad\/","name":"Pol\u00edtica de Privacidade &#187; Autelec","isPartOf":{"@id":"https:\/\/autelec.es\/#website"},"datePublished":"2022-02-08T09:13:40+00:00","dateModified":"2024-11-27T09:07:03+00:00","breadcrumb":{"@id":"https:\/\/autelec.es\/politica-de-privacidad\/#breadcrumb"},"inLanguage":"pt-PT","potentialAction":[{"@type":"ReadAction","target":["https:\/\/autelec.es\/politica-de-privacidad\/"]}]},{"@type":"BreadcrumbList","@id":"https:\/\/autelec.es\/politica-de-privacidad\/#breadcrumb","itemListElement":[{"@type":"ListItem","position":1,"name":"Portada","item":"https:\/\/autelec.es\/"},{"@type":"ListItem","position":2,"name":"Pol\u00edtica de Privacidade"}]},{"@type":"WebSite","@id":"https:\/\/autelec.es\/#website","url":"https:\/\/autelec.es\/","name":"Autelec","description":"Otro sitio realizado con WordPress","potentialAction":[{"@type":"SearchAction","target":{"@type":"EntryPoint","urlTemplate":"https:\/\/autelec.es\/?s={search_term_string}"},"query-input":{"@type":"PropertyValueSpecification","valueRequired":true,"valueName":"search_term_string"}}],"inLanguage":"pt-PT"}]}},"_links":{"self":[{"href":"https:\/\/autelec.es\/pt-pt\/wp-json\/wp\/v2\/pages\/1496","targetHints":{"allow":["GET"]}}],"collection":[{"href":"https:\/\/autelec.es\/pt-pt\/wp-json\/wp\/v2\/pages"}],"about":[{"href":"https:\/\/autelec.es\/pt-pt\/wp-json\/wp\/v2\/types\/page"}],"author":[{"embeddable":true,"href":"https:\/\/autelec.es\/pt-pt\/wp-json\/wp\/v2\/users\/1"}],"replies":[{"embeddable":true,"href":"https:\/\/autelec.es\/pt-pt\/wp-json\/wp\/v2\/comments?post=1496"}],"version-history":[{"count":7,"href":"https:\/\/autelec.es\/pt-pt\/wp-json\/wp\/v2\/pages\/1496\/revisions"}],"predecessor-version":[{"id":2335,"href":"https:\/\/autelec.es\/pt-pt\/wp-json\/wp\/v2\/pages\/1496\/revisions\/2335"}],"wp:attachment":[{"href":"https:\/\/autelec.es\/pt-pt\/wp-json\/wp\/v2\/media?parent=1496"}],"curies":[{"name":"wp","href":"https:\/\/api.w.org\/{rel}","templated":true}]}}